{"id":294,"date":"2021-03-05T14:19:02","date_gmt":"2021-03-05T17:19:02","guid":{"rendered":"http:\/\/35.171.232.150\/?page_id=294"},"modified":"2026-01-16T17:33:08","modified_gmt":"2026-01-16T20:33:08","slug":"politica-de-privacidade","status":"publish","type":"page","link":"https:\/\/connectlatam.com.br\/wordpress\/politica-de-privacidade\/","title":{"rendered":"Pol\u00edtica de Privacidade"},"content":{"rendered":"\t\t<div data-elementor-type=\"wp-page\" data-elementor-id=\"294\" class=\"elementor elementor-294\" data-elementor-post-type=\"page\">\n\t\t\t\t\t\t<section class=\"elementor-section elementor-top-section elementor-element elementor-element-c984ac6 elementor-section-boxed elementor-section-height-default elementor-section-height-default\" data-id=\"c984ac6\" data-element_type=\"section\" data-e-type=\"section\">\n\t\t\t\t\t\t<div class=\"elementor-container elementor-column-gap-default\">\n\t\t\t\t\t<div class=\"elementor-column elementor-col-100 elementor-top-column elementor-element elementor-element-c045b39\" data-id=\"c045b39\" data-element_type=\"column\" data-e-type=\"column\">\n\t\t\t<div class=\"elementor-widget-wrap elementor-element-populated\">\n\t\t\t\t\t\t<div class=\"elementor-element elementor-element-168c823 elementor-widget elementor-widget-text-editor\" data-id=\"168c823\" data-element_type=\"widget\" data-e-type=\"widget\" data-widget_type=\"text-editor.default\">\n\t\t\t\t<div class=\"elementor-widget-container\">\n\t\t\t\t\t\t\t\t\t<p><span style=\"font-weight: 400;\">Normas de Seguran\u00e7a e <\/span><span style=\"font-weight: 400;\">\u00a0<\/span><span style=\"font-weight: 400;\">Privacidade\u00a0\u00a0<\/span><\/p><h2><strong>POL\u00cdTICA DE PRIVACIDADE GLOBAL \u2013 CONNECT CARGO LATAM\u00a0<\/strong><\/h2><p><span style=\"font-weight: 400;\">Este documento tem por finalidade estabelecer as regras para tratamento de dados <\/span><span style=\"font-weight: 400;\">\u00a0<\/span><span style=\"font-weight: 400;\">que incluem, exemplificativamente, as opera\u00e7\u00f5es de coleta, produ\u00e7\u00e3o, recep\u00e7\u00e3o, <\/span><span style=\"font-weight: 400;\">\u00a0<\/span><span style=\"font-weight: 400;\">classifica\u00e7\u00e3o, utiliza\u00e7\u00e3o, acesso, reprodu\u00e7\u00e3o, transmiss\u00e3o, distribui\u00e7\u00e3o, <\/span><span style=\"font-weight: 400;\">\u00a0<\/span><span style=\"font-weight: 400;\">processamento, arquivamento, armazenamento, elimina\u00e7\u00e3o, avalia\u00e7\u00e3o ou controle <\/span><span style=\"font-weight: 400;\">\u00a0<\/span><span style=\"font-weight: 400;\">da informa\u00e7\u00e3o, modifica\u00e7\u00e3o, comunica\u00e7\u00e3o, transfer\u00eancia, difus\u00e3o ou extra\u00e7\u00e3o dos <\/span><span style=\"font-weight: 400;\">\u00a0<\/span><span style=\"font-weight: 400;\">dados coletados dos USU\u00c1RIOS, al\u00e9m do registro de suas atividades, de acordo com <\/span><span style=\"font-weight: 400;\">\u00a0<\/span><span style=\"font-weight: 400;\">as leis aplic\u00e1veis. <\/span><span style=\"font-weight: 400;\">\u00a0<\/span><\/p><p><span style=\"font-weight: 400;\">Quando o USU\u00c1RIO aceita essa Pol\u00edtica de Privacidade confere sua livre e\u00a0 <\/span><span style=\"font-weight: 400;\">expressa concord\u00e2ncia com os termos aqui estipulados. <\/span><span style=\"font-weight: 400;\">\u00a0<\/span><\/p><p><span style=\"font-weight: 400;\">\u00a0\u00a0<\/span><\/p><ol><li><span style=\"font-weight: 400;\"> Gloss\u00e1rio\u00a0<\/span><\/li><\/ol><p><span style=\"font-weight: 400;\">1.1. Para os fins deste documento, devem ser consideradas as seguintes defini\u00e7\u00f5es <\/span><span style=\"font-weight: 400;\">\u00a0e descri\u00e7\u00f5es para seu melhor entendimento:\u00a0\u00a0<\/span><\/p><p><span style=\"font-weight: 400;\">Conta: \u00e9 a forma atrav\u00e9s da qual o USU\u00c1RIO \u00e9 representado ao acessar <\/span><span style=\"font-weight: 400;\">\u00a0<\/span><span style=\"font-weight: 400;\">determinadas \u00e1reas restritas, funcionalidades exclusivas dos sites, aplicativos e <\/span><span style=\"font-weight: 400;\">\u00a0<\/span><span style=\"font-weight: 400;\">servi\u00e7os oferecidos pela CONNECT CARGO LATAM, geralmente correspondendo a <\/span><span style=\"font-weight: 400;\">\u00a0<\/span><span style=\"font-weight: 400;\">um conjunto de dados que representa o USU\u00c1RIO (como dados cadastrais) e outros <\/span><span style=\"font-weight: 400;\">\u00a0<\/span><span style=\"font-weight: 400;\">dados relevantes para garantir rela\u00e7\u00e3o mais apropriada e completa da CONNECT <\/span><span style=\"font-weight: 400;\">\u00a0<\/span><span style=\"font-weight: 400;\">CARGO LATAM com o USU\u00c1RIO (como registro de atividades efetuadas pelo <\/span><span style=\"font-weight: 400;\">\u00a0USU\u00c1RIO nos sites, aplicativos e servi\u00e7os oferecidos pela CONNECT CARGO LATAM.\u00a0\u00a0<\/span><\/p><p><span style=\"font-weight: 400;\">Cookies: pequenos arquivos ou pacotes de dados enviados pela Connect Cargo <\/span><span style=\"font-weight: 400;\">\u00a0<\/span><span style=\"font-weight: 400;\">Latam ao dispositivo do USU\u00c1RIO para identific\u00e1-lo e coletar informa\u00e7\u00f5es que <\/span><span style=\"font-weight: 400;\">\u00a0auxiliar\u00e3o a Connect Cargo Latam a aprimorar os servi\u00e7os prestados aos USU\u00c1RIO.\u00a0\u00a0<\/span><\/p><p><span style=\"font-weight: 400;\">Credenciais: \u00e9 o conjunto de dados que o USU\u00c1RIO usa para se autenticar quando <\/span><span style=\"font-weight: 400;\">\u00a0<\/span><span style=\"font-weight: 400;\">acessa determinadas \u00e1reas restritas e\/ou funcionalidades exclusivas dos sites, <\/span><span style=\"font-weight: 400;\">\u00a0<\/span><span style=\"font-weight: 400;\">aplicativos e servi\u00e7os oferecidos pela Connect Cargo Latam. Geralmente tais dados <\/span><span style=\"font-weight: 400;\">\u00a0<\/span><span style=\"font-weight: 400;\">s\u00e3o login e senha, mas podem incluir dados adicionais que auxiliem no processo de <\/span><span style=\"font-weight: 400;\">\u00a0autentica\u00e7\u00e3o.\u00a0<\/span><\/p><p><span style=\"font-weight: 400;\">Dados: conjunto de Dados Anonimizados e Dados Pessoais.\u00a0\u00a0<\/span><\/p><p><span style=\"font-weight: 400;\">Dados Anonimizados: s\u00e3o informa\u00e7\u00f5es que, isoladamente ou em conjunto com <\/span><span style=\"font-weight: 400;\">\u00a0<\/span><span style=\"font-weight: 400;\">outros Dados Anonimizados, n\u00e3o permitem a identifica\u00e7\u00e3o de uma pessoa, <\/span><span style=\"font-weight: 400;\">\u00a0<\/span><span style=\"font-weight: 400;\">considerando a utiliza\u00e7\u00e3o de meios t\u00e9cnicos razo\u00e1veis e dispon\u00edveis na ocasi\u00e3o de <\/span><span style=\"font-weight: 400;\">\u00a0<\/span><span style=\"font-weight: 400;\">seu tratamento. Podem incluir g\u00eanero, idade e geolocaliza\u00e7\u00e3o (como a cidade em que <\/span><span style=\"font-weight: 400;\">\u00a0se encontra) e dados estat\u00edsticos.\u00a0\u00a0<\/span><\/p><p><span style=\"font-weight: 400;\">Dados Pessoais: s\u00e3o informa\u00e7\u00f5es relacionadas \u00e0 pessoa natural identificada ou <\/span><span style=\"font-weight: 400;\">\u00a0<\/span><span style=\"font-weight: 400;\">identific\u00e1vel. Podem incluir, por exemplo, nome, endere\u00e7o, e-mail, telefone, n\u00famero <\/span><span style=\"font-weight: 400;\">\u00a0de cart\u00e3o de d\u00e9bito\/cr\u00e9dito, endere\u00e7o IP e dados de geolocaliza\u00e7\u00e3o.\u00a0\u00a0<\/span><\/p><p><span style=\"font-weight: 400;\">Encarregado ou Data Protection Officer (DPO): pessoa (f\u00edsica ou jur\u00eddica) <\/span><span style=\"font-weight: 400;\">\u00a0<\/span><span style=\"font-weight: 400;\">indicada pela CONNECT CARGO LATAM respons\u00e1vel por atuar como canal de <\/span><span style=\"font-weight: 400;\">\u00a0<\/span><span style=\"font-weight: 400;\">comunica\u00e7\u00e3o entre a Connect Cargo Latam, o USU\u00c1RIO e autoridades <\/span><span style=\"font-weight: 400;\">\u00a0<\/span><span style=\"font-weight: 400;\">governamentais em assuntos relacionados a essa Pol\u00edtica de Privacidade e ao uso, <\/span><span style=\"font-weight: 400;\">\u00a0coleta e tratamento de Dados pela Connect Cargo Latam.\u00a0\u00a0<\/span><\/p><p><span style=\"font-weight: 400;\">CONNECT CARGO LATAM : todas as empresas subsidi\u00e1rias controladas pelo grupo <\/span><span style=\"font-weight: 400;\">\u00a0<\/span><span style=\"font-weight: 400;\">econ\u00f4mico Connect Cargo Latam, representado pela pessoa jur\u00eddica <\/span><span style=\"font-weight: 400;\">\u00a0<\/span><span style=\"font-weight: 400;\">CONNECTCARGO BRASIL LOGISTICA E TRANSPORTE INTERNACIONAL DE CARGAS <\/span><span style=\"font-weight: 400;\">\u00a0LTDA (CNPJ 19.57.756\/0001-00.\u00a0\u00a0<\/span><\/p><p><span style=\"font-weight: 400;\">Endere\u00e7o IP: endere\u00e7o de Internet Protocol associado ao dispositivo usado <\/span><span style=\"font-weight: 400;\">\u00a0<\/span><span style=\"font-weight: 400;\">pelo USU\u00c1RIO. Cada Endere\u00e7o IP corresponde a um conjunto alfanum\u00e9rico que, <\/span><span style=\"font-weight: 400;\">\u00a0<\/span><span style=\"font-weight: 400;\">junto com outras informa\u00e7\u00f5es, ajuda a identificar unicamente o dispositivo que <\/span><span style=\"font-weight: 400;\">\u00a0<\/span><span style=\"font-weight: 400;\">o USU\u00c1RIO est\u00e1 usando para acessar a internet e, portanto, para acessar sites, <\/span><span style=\"font-weight: 400;\">\u00a0aplicativos e servi\u00e7os oferecidos pela CONNECT CARGO LATAM.\u00a0\u00a0<\/span><\/p><p><span style=\"font-weight: 400;\">Legisla\u00e7\u00e3o Aplic\u00e1vel: significa a legisla\u00e7\u00e3o aplic\u00e1vel ao relacionamento entre <\/span><span style=\"font-weight: 400;\">\u00a0<\/span><span style=\"font-weight: 400;\">o CONNECTCARGO LATAM e o USU\u00c1RIO, que pode variar por conta de (i) local de <\/span><span style=\"font-weight: 400;\">\u00a0<\/span><span style=\"font-weight: 400;\">presta\u00e7\u00e3o dos servi\u00e7os; (ii) local de resid\u00eancia ou moradia de uma das Partes, <\/span><span style=\"font-weight: 400;\">\u00a0<\/span><span style=\"font-weight: 400;\">incluindo o pr\u00f3prio USU\u00c1RIO; (iii) outros fatores apontados em legisla\u00e7\u00f5es <\/span><span style=\"font-weight: 400;\">\u00a0<\/span><span style=\"font-weight: 400;\">espec\u00edficas. A Connect Cargo Latam, det\u00e9m representa\u00e7\u00e3o em diversos pa\u00edses, <\/span><span style=\"font-weight: 400;\">\u00a0<\/span><span style=\"font-weight: 400;\">estando sujeito, al\u00e9m da legisla\u00e7\u00e3o brasileira, a diversos outros normativos, dentre <\/span><span style=\"font-weight: 400;\">\u00a0<\/span><span style=\"font-weight: 400;\">os quais o Regulamento Geral de Prote\u00e7\u00e3o de Dados \u2013 General Data Protection <\/span><span style=\"font-weight: 400;\">\u00a0Regulation (GDPR), em ingl\u00eas.\u00a0\u00a0<\/span><\/p><p><span style=\"font-weight: 400;\">Logs: registros de atividades dos USU\u00c1RIOS efetuados nos sites, aplicativos e <\/span><span style=\"font-weight: 400;\">\u00a0servi\u00e7os prestados pela CONNECT CARGO LATAM.\u00a0\u00a0<\/span><\/p><p><span style=\"font-weight: 400;\">Pol\u00edtica de Privacidade: significa, em conjunto, esta Pol\u00edtica de Privacidade <\/span><span style=\"font-weight: 400;\">\u00a0<\/span><span style=\"font-weight: 400;\">Global \u2013 Connect Cargo Latam e seus anexos, bem como demais documentos\u00a0<\/span><\/p><p><span style=\"font-weight: 400;\">expressamente referenciados nesta Pol\u00edtica de Privacidade Global \u2013 CONNECT <\/span><span style=\"font-weight: 400;\">\u00a0CARGO LATAM .\u00a0\u00a0<\/span><\/p><p><span style=\"font-weight: 400;\">USU\u00c1RIOS: pessoas que acessam ou interagem com as funcionalidades oferecidas <\/span><span style=\"font-weight: 400;\">\u00a0<\/span><span style=\"font-weight: 400;\">pelos sites, aplicativos e servi\u00e7os oferecidos pela Connect Cargo Latam . <\/span><span style=\"font-weight: 400;\">\u00a0<\/span><span style=\"font-weight: 400;\">O USU\u00c1RIO dever\u00e1 ter capacidade legal para aceitar e consentir com a <\/span><span style=\"font-weight: 400;\">\u00a0<\/span><span style=\"font-weight: 400;\">presente Pol\u00edtica de Privacidade e demais documentos do CONNECT CARGO <\/span><span style=\"font-weight: 400;\">\u00a0<\/span><span style=\"font-weight: 400;\">LATAM. Caso n\u00e3o detenha tal capacidade, o USU\u00c1RIO declara ter obtido <\/span><span style=\"font-weight: 400;\">\u00a0<\/span><span style=\"font-weight: 400;\">previamente todas as autoriza\u00e7\u00f5es necess\u00e1rias para aceitar esta Pol\u00edtica de <\/span><span style=\"font-weight: 400;\">\u00a0Privacidade e demais documentos apresentados pelo CONNECT CARGO LATAM.\u00a0\u00a0<\/span><\/p><p><span style=\"font-weight: 400;\">\u00a0\u00a0<\/span><\/p><ol start=\"2\"><li><span style=\"font-weight: 400;\"> Coleta dos Dados<\/span><\/li><\/ol><p><span style=\"font-weight: 400;\">RESUMO<\/span><span style=\"font-weight: 400;\">\u00a0<\/span><\/p><p><span style=\"font-weight: 400;\">Coletamos os Dados do USU\u00c1RIO conforme ele nos fornece, de forma direta ou\u00a0 <\/span><span style=\"font-weight: 400;\">indireta, no acesso e uso dos sites, aplicativos e servi\u00e7os oferecidos pelo Grupo UOL <\/span><span style=\"font-weight: 400;\">\u00a0<\/span><span style=\"font-weight: 400;\">ou por parceiros que tenham sido devidamente autorizados pelo Grupo UOL (e que<\/span><span style=\"font-weight: 400;\">\u00a0 <\/span><span style=\"font-weight: 400;\">seguem as diretrizes de privacidade de Dados do Grupo UOL de acordo com a <\/span><span style=\"font-weight: 400;\">\u00a0<\/span><span style=\"font-weight: 400;\">presente pol\u00edtica). Tamb\u00e9m explicamos no que consistem os Cookies e como o<\/span><span style=\"font-weight: 400;\">\u00a0 <\/span><span style=\"font-weight: 400;\">USU\u00c1RIO pode gerenci\u00e1-los. <\/span><span style=\"font-weight: 400;\">\u00a0<\/span><\/p><p><span style=\"font-weight: 400;\">\u00a0\u00a0<\/span><\/p><p><span style=\"font-weight: 400;\">2.1. Os Dados ser\u00e3o coletados: <\/span><span style=\"font-weight: 400;\">\u00a0<\/span><\/p><p><span style=\"font-weight: 400;\">(i) quando inseridos ou submetidos voluntariamente pelos USU\u00c1RIOS nos <\/span><span style=\"font-weight: 400;\">\u00a0<\/span><span style=\"font-weight: 400;\">sites, aplicativos e servi\u00e7os oferecidos pela CONNECT CARGO LATAM , tais <\/span><span style=\"font-weight: 400;\">\u00a0<\/span><span style=\"font-weight: 400;\">como a cria\u00e7\u00e3o de Conta, navega\u00e7\u00e3o, intera\u00e7\u00e3o com conte\u00fado e aquisi\u00e7\u00e3o de <\/span><span style=\"font-weight: 400;\">\u00a0servi\u00e7os;\u00a0\u00a0<\/span><\/p><p><span style=\"font-weight: 400;\">(ii) quando o USU\u00c1RIO submeter Dados de terceiros a Connect Cargo <\/span><span style=\"font-weight: 400;\">\u00a0<\/span><span style=\"font-weight: 400;\">Latam (tais como dados de amigos). A Connect Cargo Latam poder\u00e1 utiliz\u00e1 los de acordo com a presente Pol\u00edtica de Privacidade, declarando <\/span><span style=\"font-weight: 400;\">\u00a0<\/span><span style=\"font-weight: 400;\">o USU\u00c1RIO que autoriza, nos termos da legisla\u00e7\u00e3o e regulamenta\u00e7\u00e3o <\/span><span style=\"font-weight: 400;\">\u00a0<\/span><span style=\"font-weight: 400;\">aplic\u00e1veis, a submeter esses Dados para conhecimento e registro por parte <\/span><span style=\"font-weight: 400;\">\u00a0da Connect Cargo Latam , mantendo a Connect Cargo Latam indene;\u00a0\u00a0<\/span><\/p><p><span style=\"font-weight: 400;\">(iii) quando os Dados forem submetidos de forma automatizada e sem a <\/span><span style=\"font-weight: 400;\">\u00a0<\/span><span style=\"font-weight: 400;\">necessidade de qualquer a\u00e7\u00e3o por parte dos USU\u00c1RIOS, tais como por meio <\/span><span style=\"font-weight: 400;\">\u00a0de Cookies; ou\u00a0<\/span><\/p><p><span style=\"font-weight: 400;\">(iv) de parceiros que tenham obtido autoriza\u00e7\u00e3o para compartilh\u00e1-los com a <\/span><span style=\"font-weight: 400;\">\u00a0<\/span><span style=\"font-weight: 400;\">Connect Cargo Latam .<\/span><span style=\"font-weight: 400;\">\u00a0<\/span><\/p><p><span style=\"font-weight: 400;\">2.2. As informa\u00e7\u00f5es que a Connect Cargo Latam coleta podem incluir, mas n\u00e3o se <\/span><span style=\"font-weight: 400;\">\u00a0<\/span><span style=\"font-weight: 400;\">limitam a: <\/span><span style=\"font-weight: 400;\">\u00a0<\/span><\/p><p><span style=\"font-weight: 400;\">(i) nome;\u00a0\u00a0<\/span><\/p><p><span style=\"font-weight: 400;\">(ii) g\u00eanero;\u00a0\u00a0<\/span><\/p><p><span style=\"font-weight: 400;\">(iii) CPF;\u00a0\u00a0<\/span><\/p><p><span style=\"font-weight: 400;\">(iv) endere\u00e7o de e-mail;\u00a0\u00a0<\/span><\/p><p><span style=\"font-weight: 400;\">(v) endere\u00e7o postal;\u00a0\u00a0<\/span><\/p><p><span style=\"font-weight: 400;\">(vi) n\u00famero de telefone e grava\u00e7\u00f5es (havendo contato com o USU\u00c1RIO);\u00a0 (vii) data de nascimento;\u00a0\u00a0<\/span><\/p><p><span style=\"font-weight: 400;\">(viii) informa\u00e7\u00f5es de pagamento;\u00a0\u00a0<\/span><\/p><p><span style=\"font-weight: 400;\">(ix) informa\u00e7\u00f5es sobre o navegador e sistema operacional do dispositivo;\u00a0 (x) endere\u00e7o IP;\u00a0\u00a0<\/span><\/p><p><span style=\"font-weight: 400;\">(xi) p\u00e1ginas visitadas;\u00a0\u00a0<\/span><\/p><p><span style=\"font-weight: 400;\">(xii) links e bot\u00f5es clicados;\u00a0\u00a0<\/span><\/p><p><span style=\"font-weight: 400;\">(xiii) agenda de contatos; e\u00a0\u00a0<\/span><\/p><p><span style=\"font-weight: 400;\">(xiv) dados biom\u00e9tricos (tais como, mas n\u00e3o limitado a, foto do rosto). <\/span><span style=\"font-weight: 400;\">\u00a0<\/span><\/p><p><span style=\"font-weight: 400;\">2.2.1. Demais dados coletados pela Connect Cargo Latam est\u00e3o definidos no item 7 <\/span><span style=\"font-weight: 400;\">\u00a0<\/span><span style=\"font-weight: 400;\">desta Pol\u00edtica, separados por empresas e, quando aplic\u00e1vel, grupos de <\/span><span style=\"font-weight: 400;\">\u00a0produtos\/servi\u00e7os.\u00a0\u00a0<\/span><\/p><p><span style=\"font-weight: 400;\">2.3. A Connect Cargo Latam n\u00e3o \u00e9 respons\u00e1vel pela veracidade, inveracidade ou <\/span><span style=\"font-weight: 400;\">\u00a0<\/span><span style=\"font-weight: 400;\">desatualiza\u00e7\u00e3o nas informa\u00e7\u00f5es e Dados fornecidos pelo USU\u00c1RIO, sendo de <\/span><span style=\"font-weight: 400;\">\u00a0<\/span><span style=\"font-weight: 400;\">responsabilidade do USU\u00c1RIO prest\u00e1-las com exatid\u00e3o e atualiz\u00e1-las. A Connect <\/span><span style=\"font-weight: 400;\">\u00a0<\/span><span style=\"font-weight: 400;\">Cargo Latam poder\u00e1 solicitar, periodicamente, que o USU\u00c1RIO atualize as <\/span><span style=\"font-weight: 400;\">\u00a0informa\u00e7\u00f5es prestadas e os Dados fornecidos.\u00a0<\/span><\/p><p><span style=\"font-weight: 400;\">2.4. A Connect Cargo Latam utiliza Cookies e identificadores an\u00f4nimos para <\/span><span style=\"font-weight: 400;\">\u00a0<\/span><span style=\"font-weight: 400;\">controle de audi\u00eancia, navega\u00e7\u00e3o, seguran\u00e7a e publicidade, sendo que <\/span><span style=\"font-weight: 400;\">\u00a0<\/span><span style=\"font-weight: 400;\">o USU\u00c1RIO concorda com essa utiliza\u00e7\u00e3o ao aceitar essa Pol\u00edtica de Privacidade. <\/span><span style=\"font-weight: 400;\">\u00a0<\/span><span style=\"font-weight: 400;\">Os Cookies utilizados pela Connect Cargo Latam podem ser classificados de diversas <\/span><span style=\"font-weight: 400;\">\u00a0<\/span><span style=\"font-weight: 400;\">formas: <\/span><span style=\"font-weight: 400;\">\u00a0<\/span><\/p><p><span style=\"font-weight: 400;\">(i) Quanto \u00e0 validade: <\/span><span style=\"font-weight: 400;\">\u00a0<\/span><\/p><ol><li><span style=\"font-weight: 400;\">a) <\/span><span style=\"font-weight: 400;\">de Sess\u00e3o<\/span><span style=\"font-weight: 400;\">: s\u00e3o tempor\u00e1rios e permanecem at\u00e9 que a p\u00e1gina web ou <\/span><span style=\"font-weight: 400;\">o navegador sejam fechados. Podem ser utilizados em e-commerce <\/span><span style=\"font-weight: 400;\">(para o USU\u00c1RIO continuar navegando e n\u00e3o perder o que colocou no <\/span><span style=\"font-weight: 400;\">\u00a0<\/span><span style=\"font-weight: 400;\">carrinho, por exemplo), para analisar padr\u00f5es de tr\u00e1fego na internet e <\/span><span style=\"font-weight: 400;\">\u00a0<\/span><span style=\"font-weight: 400;\">para proporcionar melhor experi\u00eancia e conte\u00fado contextualizado <\/span><span style=\"font-weight: 400;\">\u00a0aos USU\u00c1RIOS.\u00a0\u00a0<\/span><\/li><li><span style=\"font-weight: 400;\">b) <\/span><span style=\"font-weight: 400;\">Permanente<\/span><span style=\"font-weight: 400;\">: persistem mesmo que o navegador tenha sido <\/span><span style=\"font-weight: 400;\"> Podem ser utilizados para lembrar informa\u00e7\u00f5es de login e <\/span><span style=\"font-weight: 400;\">senha dos USU\u00c1RIOS, por exemplo, ou para garantir uma melhor <\/span><span style=\"font-weight: 400;\">\u00a0<\/span><span style=\"font-weight: 400;\">experi\u00eancia ao usu\u00e1rio entre diferentes sess\u00f5es. <\/span><span style=\"font-weight: 400;\">\u00a0<\/span><\/li><\/ol><p><span style=\"font-weight: 400;\">(ii) Quanto \u00e0 propriedade: <\/span><span style=\"font-weight: 400;\">\u00a0<\/span><\/p><ol><li><span style=\"font-weight: 400;\">a) <\/span><span style=\"font-weight: 400;\">Pr\u00f3prios<\/span><span style=\"font-weight: 400;\">: s\u00e3o de titularidade da Connect Cargo Latam , que possui <\/span><span style=\"font-weight: 400;\">total controle sobre os Cookies.\u00a0<\/span><\/li><li><span style=\"font-weight: 400;\">b) <\/span><span style=\"font-weight: 400;\">de Terceiros<\/span><span style=\"font-weight: 400;\">: s\u00e3o de titularidades de terceiros, mas inclu\u00eddos no <\/span><span style=\"font-weight: 400;\">dispositivo dos USU\u00c1RIOS mediante os sites, aplicativos e servi\u00e7os <\/span><span style=\"font-weight: 400;\">oferecidos pela Connect Cargo Latam . <\/span><span style=\"font-weight: 400;\">\u00a0<\/span><\/li><\/ol><p><span style=\"font-weight: 400;\">(iii) Quanto \u00e0 finalidade: <\/span><span style=\"font-weight: 400;\">\u00a0<\/span><\/p><ol><li><span style=\"font-weight: 400;\">a) <\/span><span style=\"font-weight: 400;\">estritamente necess\u00e1rios<\/span><span style=\"font-weight: 400;\">: essenciais para permitir <\/span><span style=\"font-weight: 400;\">ao USU\u00c1RIO utilizar os sites, aplicativos e servi\u00e7os oferecidos pela <\/span><span style=\"font-weight: 400;\">Connect Cargo Latam , os quais n\u00e3o poderiam ser corretamente <\/span><span style=\"font-weight: 400;\">\u00a0oferecidos sem esses Cookies. S\u00e3o geralmente de Sess\u00e3o e Pr\u00f3prios.\u00a0\u00a0<\/span><\/li><li><span style=\"font-weight: 400;\">b) <\/span><span style=\"font-weight: 400;\">de performance<\/span><span style=\"font-weight: 400;\">: coletam informa\u00e7\u00f5es an\u00f4nimas sobre como <\/span><span style=\"font-weight: 400;\">os USU\u00c1RIOS utilizam e interagem com os sites, aplicativos e servi\u00e7os <\/span><span style=\"font-weight: 400;\">oferecidos pela Connect Cargo Latam, permitindo reconhecer seus <\/span><span style=\"font-weight: 400;\">\u00a0perfis e contabilizar as visitas e intera\u00e7\u00f5es. S\u00e3o geralmente pr\u00f3prios.\u00a0\u00a0<\/span><\/li><li><span style=\"font-weight: 400;\">c) <\/span><span style=\"font-weight: 400;\">de funcionalidade<\/span><span style=\"font-weight: 400;\">: permitem a CONNECT CARGO LATAM lembrar <\/span><span style=\"font-weight: 400;\">escolhas feitas pelos USU\u00c1RIOS (tais como login e localiza\u00e7\u00e3o) e\u00a0<\/span><\/li><\/ol><p><span style=\"font-weight: 400;\">proporcionam experi\u00eancias mais pessoais, al\u00e9m de possibilitar <\/span><span style=\"font-weight: 400;\">\u00a0<\/span><span style=\"font-weight: 400;\">eventuais customiza\u00e7\u00f5es (quando estiverem dispon\u00edveis). Essas <\/span><span style=\"font-weight: 400;\">\u00a0<\/span><span style=\"font-weight: 400;\">informa\u00e7\u00f5es podem ser anonimizadas (transformando-se em Dados <\/span><span style=\"font-weight: 400;\">\u00a0<\/span><span style=\"font-weight: 400;\">Anonimizados) e n\u00e3o rastreiam atividades fora dos sites, aplicativos <\/span><span style=\"font-weight: 400;\">\u00a0<\/span><span style=\"font-weight: 400;\">e servi\u00e7os oferecidos pela Connect Cargo Latam . S\u00e3o geralmente <\/span><span style=\"font-weight: 400;\">\u00a0Pr\u00f3prios e Permanentes.\u00a0\u00a0<\/span><\/p><ol><li><span style=\"font-weight: 400;\">d) <\/span><span style=\"font-weight: 400;\">anal\u00edticos e de publicidade<\/span><span style=\"font-weight: 400;\">: permitem aos anunciantes da Connect <\/span><span style=\"font-weight: 400;\">Cargo Latam entregar an\u00fancios e informa\u00e7\u00f5es mais relevantes <\/span><span style=\"font-weight: 400;\">aos USU\u00c1RIOS. Tamb\u00e9m s\u00e3o utilizados para limitar o n\u00famero de <\/span><span style=\"font-weight: 400;\">\u00a0<\/span><span style=\"font-weight: 400;\">vezes que o USU\u00c1RIO visualiza determinados an\u00fancios e medir a <\/span><span style=\"font-weight: 400;\">\u00a0<\/span><span style=\"font-weight: 400;\">efetividade de campanhas publicit\u00e1rias. Eles lembram determinadas <\/span><span style=\"font-weight: 400;\">\u00a0<\/span><span style=\"font-weight: 400;\">prefer\u00eancias dos USU\u00c1RIOS e s\u00e3o utilizados para auxiliar a tra\u00e7ar <\/span><span style=\"font-weight: 400;\">\u00a0<\/span><span style=\"font-weight: 400;\">seus perfis visando melhorar a experi\u00eancia do USU\u00c1RIO. S\u00e3o <\/span><span style=\"font-weight: 400;\">\u00a0<\/span><span style=\"font-weight: 400;\">geralmente permanentes e podem ser de Terceiros (tais como o <\/span><span style=\"font-weight: 400;\">\u00a0Google Analytics, mencionado abaixo).\u00a0\u00a0<\/span><\/li><li><span style=\"font-weight: 400;\">e) <\/span><span style=\"font-weight: 400;\">de m\u00eddias sociais<\/span><span style=\"font-weight: 400;\">: permitem ao USU\u00c1RIO se conectar com m\u00eddias <\/span><span style=\"font-weight: 400;\">sociais, tais como LinkedIn, Twitter, Facebook, Pinterest e Instagram. <\/span><span style=\"font-weight: 400;\">S\u00e3o geralmente permanentes e de Terceiros.\u00a0\u00a0<\/span><\/li><li><span style=\"font-weight: 400;\">f) <\/span><span style=\"font-weight: 400;\">de seguran\u00e7a<\/span><span style=\"font-weight: 400;\">: ajudam a Connect Cargo Latam a monitorar <\/span><span style=\"font-weight: 400;\">atividades fraudulentas e proteger os dados do usu\u00e1rio em acesso n\u00e3o <\/span><span style=\"font-weight: 400;\"> S\u00e3o geralmente permanentes e de Terceiros. <\/span><span style=\"font-weight: 400;\">\u00a0<\/span><\/li><\/ol><p><span style=\"font-weight: 400;\">2.5. O USU\u00c1RIO pode n\u00e3o aceitar os Cookies para utilizar os sites, aplicativos e <\/span><span style=\"font-weight: 400;\">\u00a0<\/span><span style=\"font-weight: 400;\">servi\u00e7os oferecidos pela Connect Cargo Latam , mas nestas situa\u00e7\u00f5es a Connect <\/span><span style=\"font-weight: 400;\">\u00a0<\/span><span style=\"font-weight: 400;\">Cargo Latam n\u00e3o pode garantir o correto funcionamento desses sites, aplicativos e <\/span><span style=\"font-weight: 400;\">\u00a0<\/span><span style=\"font-weight: 400;\">servi\u00e7os oferecidos. Os Cookies podem ser aceitos, exclu\u00eddos ou rejeitados por meio <\/span><span style=\"font-weight: 400;\">\u00a0<\/span><span style=\"font-weight: 400;\">de ferramentas de gerenciamento do pr\u00f3prio navegador usado pelo USU\u00c1RIO. <\/span><span style=\"font-weight: 400;\">\u00a0<\/span><\/p><p><span style=\"font-weight: 400;\">(i) Endere\u00e7o IP do USU\u00c1RIO;\u00a0\u00a0<\/span><\/p><p><span style=\"font-weight: 400;\">(ii) A\u00e7\u00f5es efetuadas pelo USU\u00c1RIO nos sites, aplicativos e servi\u00e7os <\/span><span style=\"font-weight: 400;\">\u00a0prestados pela Connect Cargo Latam;\u00a0\u00a0<\/span><\/p><p><span style=\"font-weight: 400;\">(iii) Endere\u00e7os das p\u00e1ginas e telas acessadas pelo USU\u00c1RIO nos sites, <\/span><span style=\"font-weight: 400;\">\u00a0aplicativos e servi\u00e7os prestados pela Connect Cargo Latam;\u00a0\u00a0<\/span><\/p><p><span style=\"font-weight: 400;\">(iv) Datas e hor\u00e1rios de cada a\u00e7\u00e3o do USU\u00c1RIO nos sites, aplicativos e <\/span><span style=\"font-weight: 400;\">\u00a0<\/span><span style=\"font-weight: 400;\">servi\u00e7os prestados pela Connect Cargo Latam , al\u00e9m do acesso que fizer \u00e0s <\/span><span style=\"font-weight: 400;\">\u00a0p\u00e1ginas e telas e das ferramentas e funcionalidades que utilizar;\u00a0<\/span><\/p><p><span style=\"font-weight: 400;\">(v) Informa\u00e7\u00f5es sobre o dispositivo utilizado pelo USU\u00c1RIO, vers\u00e3o de <\/span><span style=\"font-weight: 400;\">\u00a0<\/span><span style=\"font-weight: 400;\">sistema operacional, navegador, dentre outros aplicativos e softwares <\/span><span style=\"font-weight: 400;\">\u00a0instalados;\u00a0\u00a0<\/span><\/p><p><span style=\"font-weight: 400;\">(vi) Session e User ID, quando dispon\u00edvel;\u00a0\u00a0<\/span><\/p><p><span style=\"font-weight: 400;\">(vii) Tipo de conex\u00e3o do USU\u00c1RIO, tais como Wi-Fi ou redes de celular <\/span><span style=\"font-weight: 400;\">\u00a0<\/span><span style=\"font-weight: 400;\">(EDGE, 3G e 4G, por exemplo); e <\/span><span style=\"font-weight: 400;\">\u00a0<\/span><\/p><p><span style=\"font-weight: 400;\">terceiros) ou provenientes de outras tecnologias.\u00a0\u00a0<\/span><\/p><p><span style=\"font-weight: 400;\">\u00a0\u00a0<\/span><\/p><ol start=\"3\"><li><span style=\"font-weight: 400;\"> Uso dos Dados<\/span><\/li><\/ol><p><span style=\"font-weight: 400;\">RESUMO<\/span><span style=\"font-weight: 400;\">\u00a0<\/span><\/p><p><span style=\"font-weight: 400;\">Os Dados poder\u00e3o ser acessados apenas pelas empresas da Connect Cargo Latam ,\u00a0 <\/span><span style=\"font-weight: 400;\">parceiros, subcontratados e autoridades. Por\u00e9m, caso o USU\u00c1RIO acesse <\/span><span style=\"font-weight: 400;\">\u00a0<\/span><span style=\"font-weight: 400;\">funcionalidades ou sites de parceiros, estar\u00e1 sujeito \u00e0s pr\u00e1ticas e pol\u00edticas pr\u00f3prias<\/span><span style=\"font-weight: 400;\">\u00a0 <\/span><span style=\"font-weight: 400;\">desses parceiros. Tamb\u00e9m elencamos os usos que faremos dos Dados coletados<\/span><span style=\"font-weight: 400;\">\u00a0 <\/span><span style=\"font-weight: 400;\">dos USU\u00c1RIOS. <\/span><span style=\"font-weight: 400;\">\u00a0<\/span><\/p><p><span style=\"font-weight: 400;\">\u00a0\u00a0<\/span><\/p><p><span style=\"font-weight: 400;\">3.1. Os Dados coletados dos USU\u00c1RIOS poder\u00e3o ser utilizados para as seguintes <\/span><span style=\"font-weight: 400;\">\u00a0<\/span><span style=\"font-weight: 400;\">finalidades: <\/span><span style=\"font-weight: 400;\">\u00a0<\/span><\/p><p><span style=\"font-weight: 400;\">(i) Identifica\u00e7\u00e3o, autentica\u00e7\u00e3o e autoriza\u00e7\u00e3o;\u00a0\u00a0<\/span><\/p><p><span style=\"font-weight: 400;\">(ii) Colaborar e\/ou cumprir ordem judicial ou requisi\u00e7\u00e3o por autoridade <\/span><span style=\"font-weight: 400;\">\u00a0<\/span><span style=\"font-weight: 400;\">administrativa, bem como atender obriga\u00e7\u00f5es de reportar preventivamente <\/span><span style=\"font-weight: 400;\">\u00a0determinadas atividades para autoridades competentes;\u00a0\u00a0<\/span><\/p><p><span style=\"font-weight: 400;\">(iii) Prosseguir com pedidos de pagamento efetuados pelos USU\u00c1RIOS; <\/span><span style=\"font-weight: 400;\">\u00a0\u00a0\u00a0<\/span><\/p><ol start=\"5\"><li><span style=\"font-weight: 400;\"> Disposi\u00e7\u00f5es Gerais:<\/span><\/li><\/ol><p><span style=\"font-weight: 400;\">RESUMO<\/span><span style=\"font-weight: 400;\">\u00a0<\/span><\/p><p><span style=\"font-weight: 400;\">Podemos atualizar esse documento a qualquer momento. Assim, consulte-o com\u00a0 <\/span><span style=\"font-weight: 400;\">frequ\u00eancia. Se terceirizarmos qualquer atividade, garantiremos que as empresas <\/span><span style=\"font-weight: 400;\">\u00a0<\/span><span style=\"font-weight: 400;\">contratadas obede\u00e7am a todas as disposi\u00e7\u00f5es deste documento. <\/span><span style=\"font-weight: 400;\">\u00a0\u00a0<\/span><\/p><p><span style=\"font-weight: 400;\">5.1. O teor desta Pol\u00edtica de Privacidade poder\u00e1 ser atualizado ou modificado a <\/span><span style=\"font-weight: 400;\">\u00a0<\/span><span style=\"font-weight: 400;\">qualquer momento, conforme a finalidade ou conveni\u00eancia da Connect Cargo Latam <\/span><span style=\"font-weight: 400;\">\u00a0<\/span><span style=\"font-weight: 400;\">, tal qual para adequa\u00e7\u00e3o e conformidade legal de disposi\u00e7\u00e3o de lei ou norma que <\/span><span style=\"font-weight: 400;\">\u00a0<\/span><span style=\"font-weight: 400;\">tenha for\u00e7a jur\u00eddica equivalente, cabendo ao USU\u00c1RIO verific\u00e1-la sempre que <\/span><span style=\"font-weight: 400;\">\u00a0<\/span><span style=\"font-weight: 400;\">efetuar o acesso aos sites, aplicativos ou servi\u00e7os oferecidos pela Connect Cargo <\/span><span style=\"font-weight: 400;\">\u00a0Latam.\u00a0\u00a0<\/span><\/p><ol start=\"6\"><li><span style=\"font-weight: 400;\"> Lei Aplic\u00e1vel e Jurisdi\u00e7\u00e3o<\/span><\/li><\/ol><p><span style=\"font-weight: 400;\">RESUMO<\/span><span style=\"font-weight: 400;\">\u00a0<\/span><\/p><p><span style=\"font-weight: 400;\">Em eventuais a\u00e7\u00f5es judiciais aplica-se a lei brasileira e o foro da cidade de S\u00e3o Paulo,\u00a0 <\/span><span style=\"font-weight: 400;\">salvo ressalva espec\u00edfica pela Legisla\u00e7\u00e3o Aplic\u00e1vel (como o de domic\u00edlio<\/span><span style=\"font-weight: 400;\">\u00a0 <\/span><span style=\"font-weight: 400;\">do USU\u00c1RIO).<\/span><span style=\"font-weight: 400;\">\u00a0<\/span><\/p><p><span style=\"font-weight: 400;\">\u00a0\u00a0<\/span><\/p><p><span style=\"font-weight: 400;\">6.1. A presente Pol\u00edtica de Privacidade ser\u00e1 interpretada segundo a legisla\u00e7\u00e3o <\/span><span style=\"font-weight: 400;\">\u00a0<\/span><span style=\"font-weight: 400;\">brasileira, no idioma portugu\u00eas, sendo eleito o foro da cidade de S\u00e3o Paulo para <\/span><span style=\"font-weight: 400;\">\u00a0<\/span><span style=\"font-weight: 400;\">dirimir qualquer lit\u00edgio ou controv\u00e9rsia envolvendo o presente documento, salvo <\/span><span style=\"font-weight: 400;\">\u00a0<\/span><span style=\"font-weight: 400;\">ressalva espec\u00edfica de compet\u00eancia pessoal, territorial ou funcional pela Legisla\u00e7\u00e3o <\/span><span style=\"font-weight: 400;\">\u00a0Aplic\u00e1vel.\u00a0<\/span><\/p>\t\t\t\t\t\t\t\t<\/div>\n\t\t\t\t<\/div>\n\t\t\t\t\t<\/div>\n\t\t<\/div>\n\t\t\t\t\t<\/div>\n\t\t<\/section>\n\t\t<div class=\"elementor-element elementor-element-7729434c e-flex e-con-boxed e-con e-parent\" data-id=\"7729434c\" data-element_type=\"container\" data-e-type=\"container\" data-settings=\"{&quot;background_background&quot;:&quot;classic&quot;}\">\n\t\t\t\t\t<div class=\"e-con-inner\">\n\t\t<div class=\"elementor-element elementor-element-eb40d64 e-con-full e-flex e-con e-child\" data-id=\"eb40d64\" data-element_type=\"container\" data-e-type=\"container\">\n\t\t<div class=\"elementor-element elementor-element-7c474bcf e-con-full e-flex e-con e-child\" data-id=\"7c474bcf\" data-element_type=\"container\" data-e-type=\"container\">\n\t\t\t\t<div class=\"elementor-element elementor-element-61f25d10 elementor-widget elementor-widget-heading\" data-id=\"61f25d10\" data-element_type=\"widget\" data-e-type=\"widget\" data-widget_type=\"heading.default\">\n\t\t\t\t<div class=\"elementor-widget-container\">\n\t\t\t\t\t<h2 class=\"elementor-heading-title elementor-size-default\">NOSSAS SOLU\u00c7\u00d5ES<\/h2>\t\t\t\t<\/div>\n\t\t\t\t<\/div>\n\t\t\t\t<div class=\"elementor-element elementor-element-52212cc1 elementor-mobile-align-start elementor-widget-mobile__width-inherit elementor-icon-list--layout-traditional elementor-list-item-link-full_width elementor-widget elementor-widget-icon-list\" data-id=\"52212cc1\" data-element_type=\"widget\" data-e-type=\"widget\" data-widget_type=\"icon-list.default\">\n\t\t\t\t<div class=\"elementor-widget-container\">\n\t\t\t\t\t\t\t<ul class=\"elementor-icon-list-items\">\n\t\t\t\t\t\t\t<li class=\"elementor-icon-list-item\">\n\t\t\t\t\t\t\t\t\t\t\t<a href=\"https:\/\/connectlatam.com.br\/wordpress\/servicos#aereo\">\n\n\t\t\t\t\t\t\t\t\t\t\t\t<span class=\"elementor-icon-list-icon\">\n\t\t\t\t\t\t\t<i aria-hidden=\"true\" class=\"far fa-check-square\"><\/i>\t\t\t\t\t\t<\/span>\n\t\t\t\t\t\t\t\t\t\t<span class=\"elementor-icon-list-text\">Transporte A\u00e9reo<\/span>\n\t\t\t\t\t\t\t\t\t\t\t<\/a>\n\t\t\t\t\t\t\t\t\t<\/li>\n\t\t\t\t\t\t\t\t<li class=\"elementor-icon-list-item\">\n\t\t\t\t\t\t\t\t\t\t\t<a href=\"https:\/\/connectlatam.com.br\/wordpress\/servicos#maritimo\">\n\n\t\t\t\t\t\t\t\t\t\t\t\t<span class=\"elementor-icon-list-icon\">\n\t\t\t\t\t\t\t<i aria-hidden=\"true\" class=\"far fa-check-square\"><\/i>\t\t\t\t\t\t<\/span>\n\t\t\t\t\t\t\t\t\t\t<span class=\"elementor-icon-list-text\">Transporte Mar\u00edtimo<\/span>\n\t\t\t\t\t\t\t\t\t\t\t<\/a>\n\t\t\t\t\t\t\t\t\t<\/li>\n\t\t\t\t\t\t\t\t<li class=\"elementor-icon-list-item\">\n\t\t\t\t\t\t\t\t\t\t\t<a href=\"https:\/\/connectlatam.com.br\/wordpress\/servicos#rodoviario\">\n\n\t\t\t\t\t\t\t\t\t\t\t\t<span class=\"elementor-icon-list-icon\">\n\t\t\t\t\t\t\t<i aria-hidden=\"true\" class=\"far fa-check-square\"><\/i>\t\t\t\t\t\t<\/span>\n\t\t\t\t\t\t\t\t\t\t<span class=\"elementor-icon-list-text\">Transporte Rodovi\u00e1rio<\/span>\n\t\t\t\t\t\t\t\t\t\t\t<\/a>\n\t\t\t\t\t\t\t\t\t<\/li>\n\t\t\t\t\t\t\t\t<li class=\"elementor-icon-list-item\">\n\t\t\t\t\t\t\t\t\t\t\t<a href=\"https:\/\/connectlatam.com.br\/wordpress\/servicos#aduaneiro\">\n\n\t\t\t\t\t\t\t\t\t\t\t\t<span class=\"elementor-icon-list-icon\">\n\t\t\t\t\t\t\t<i aria-hidden=\"true\" class=\"far fa-check-square\"><\/i>\t\t\t\t\t\t<\/span>\n\t\t\t\t\t\t\t\t\t\t<span class=\"elementor-icon-list-text\">Despacho Aduaneiro<\/span>\n\t\t\t\t\t\t\t\t\t\t\t<\/a>\n\t\t\t\t\t\t\t\t\t<\/li>\n\t\t\t\t\t\t<\/ul>\n\t\t\t\t\t\t<\/div>\n\t\t\t\t<\/div>\n\t\t\t\t<\/div>\n\t\t<div class=\"elementor-element elementor-element-511ce424 e-con-full e-flex e-con e-child\" data-id=\"511ce424\" data-element_type=\"container\" data-e-type=\"container\">\n\t\t\t\t<div class=\"elementor-element elementor-element-62f21f40 elementor-widget elementor-widget-heading\" data-id=\"62f21f40\" data-element_type=\"widget\" data-e-type=\"widget\" data-widget_type=\"heading.default\">\n\t\t\t\t<div class=\"elementor-widget-container\">\n\t\t\t\t\t<h2 class=\"elementor-heading-title elementor-size-default\">CONTATOS<\/h2>\t\t\t\t<\/div>\n\t\t\t\t<\/div>\n\t\t\t\t<div class=\"elementor-element elementor-element-3a835c80 footer-cont elementor-icon-list--layout-traditional elementor-list-item-link-full_width elementor-widget elementor-widget-icon-list\" data-id=\"3a835c80\" data-element_type=\"widget\" data-e-type=\"widget\" data-widget_type=\"icon-list.default\">\n\t\t\t\t<div class=\"elementor-widget-container\">\n\t\t\t\t\t\t\t<ul class=\"elementor-icon-list-items\">\n\t\t\t\t\t\t\t<li class=\"elementor-icon-list-item\">\n\t\t\t\t\t\t\t\t\t\t\t<a href=\"tel:551332112000\">\n\n\t\t\t\t\t\t\t\t\t\t\t\t<span class=\"elementor-icon-list-icon\">\n\t\t\t\t\t\t\t<i aria-hidden=\"true\" class=\"fas fa-phone-alt\"><\/i>\t\t\t\t\t\t<\/span>\n\t\t\t\t\t\t\t\t\t\t<span class=\"elementor-icon-list-text\">+55 (13) 3211-2000<\/span>\n\t\t\t\t\t\t\t\t\t\t\t<\/a>\n\t\t\t\t\t\t\t\t\t<\/li>\n\t\t\t\t\t\t\t\t<li class=\"elementor-icon-list-item\">\n\t\t\t\t\t\t\t\t\t\t\t<a href=\"mailto:contato@connectlatam.com\">\n\n\t\t\t\t\t\t\t\t\t\t\t\t<span class=\"elementor-icon-list-icon\">\n\t\t\t\t\t\t\t<i aria-hidden=\"true\" class=\"far fa-envelope\"><\/i>\t\t\t\t\t\t<\/span>\n\t\t\t\t\t\t\t\t\t\t<span class=\"elementor-icon-list-text\">contato@connectlatam.com<\/span>\n\t\t\t\t\t\t\t\t\t\t\t<\/a>\n\t\t\t\t\t\t\t\t\t<\/li>\n\t\t\t\t\t\t<\/ul>\n\t\t\t\t\t\t<\/div>\n\t\t\t\t<\/div>\n\t\t\t\t<\/div>\n\t\t<div class=\"elementor-element elementor-element-640341d7 e-con-full e-flex e-con e-child\" data-id=\"640341d7\" data-element_type=\"container\" data-e-type=\"container\">\n\t\t\t\t<div class=\"elementor-element elementor-element-5cf34463 elementor-widget elementor-widget-heading\" data-id=\"5cf34463\" data-element_type=\"widget\" data-e-type=\"widget\" data-widget_type=\"heading.default\">\n\t\t\t\t<div class=\"elementor-widget-container\">\n\t\t\t\t\t<h2 class=\"elementor-heading-title elementor-size-default\">ACOMPANHE AS REDES SOCIAIS<\/h2>\t\t\t\t<\/div>\n\t\t\t\t<\/div>\n\t\t\t\t<div class=\"elementor-element elementor-element-718415e7 elementor-icon-list--layout-inline elementor-align-start elementor-mobile-align-center elementor-widget__width-auto elementor-list-item-link-full_width elementor-widget elementor-widget-icon-list\" data-id=\"718415e7\" data-element_type=\"widget\" data-e-type=\"widget\" data-widget_type=\"icon-list.default\">\n\t\t\t\t<div class=\"elementor-widget-container\">\n\t\t\t\t\t\t\t<ul class=\"elementor-icon-list-items elementor-inline-items\">\n\t\t\t\t\t\t\t<li class=\"elementor-icon-list-item elementor-inline-item\">\n\t\t\t\t\t\t\t\t\t\t\t<a href=\"https:\/\/www.facebook.com\/people\/Connect-Cargo-Latam\/100075944150483\/\">\n\n\t\t\t\t\t\t\t\t\t\t\t\t<span class=\"elementor-icon-list-icon\">\n\t\t\t\t\t\t\t<i aria-hidden=\"true\" class=\"fab fa-facebook-square\"><\/i>\t\t\t\t\t\t<\/span>\n\t\t\t\t\t\t\t\t\t\t<span class=\"elementor-icon-list-text\"><\/span>\n\t\t\t\t\t\t\t\t\t\t\t<\/a>\n\t\t\t\t\t\t\t\t\t<\/li>\n\t\t\t\t\t\t\t\t<li class=\"elementor-icon-list-item elementor-inline-item\">\n\t\t\t\t\t\t\t\t\t\t\t<a href=\"https:\/\/www.instagram.com\/connectcargolatam\/\">\n\n\t\t\t\t\t\t\t\t\t\t\t\t<span class=\"elementor-icon-list-icon\">\n\t\t\t\t\t\t\t<i aria-hidden=\"true\" class=\"fab fa-instagram\"><\/i>\t\t\t\t\t\t<\/span>\n\t\t\t\t\t\t\t\t\t\t<span class=\"elementor-icon-list-text\"><\/span>\n\t\t\t\t\t\t\t\t\t\t\t<\/a>\n\t\t\t\t\t\t\t\t\t<\/li>\n\t\t\t\t\t\t\t\t<li class=\"elementor-icon-list-item elementor-inline-item\">\n\t\t\t\t\t\t\t\t\t\t\t<a href=\"https:\/\/www.linkedin.com\/company\/connecargolatam\/\">\n\n\t\t\t\t\t\t\t\t\t\t\t\t<span class=\"elementor-icon-list-icon\">\n\t\t\t\t\t\t\t<i aria-hidden=\"true\" class=\"fab fa-linkedin\"><\/i>\t\t\t\t\t\t<\/span>\n\t\t\t\t\t\t\t\t\t\t<span class=\"elementor-icon-list-text\"><\/span>\n\t\t\t\t\t\t\t\t\t\t\t<\/a>\n\t\t\t\t\t\t\t\t\t<\/li>\n\t\t\t\t\t\t<\/ul>\n\t\t\t\t\t\t<\/div>\n\t\t\t\t<\/div>\n\t\t\t\t<\/div>\n\t\t\t\t<\/div>\n\t\t\t\t\t<\/div>\n\t\t\t\t<\/div>\n\t\t\t\t<\/div>\n\t\t","protected":false},"excerpt":{"rendered":"<p>Normas de Seguran\u00e7a e \u00a0Privacidade\u00a0\u00a0 POL\u00cdTICA DE PRIVACIDADE GLOBAL \u2013 CONNECT CARGO LATAM\u00a0 Este documento tem por finalidade estabelecer as regras para tratamento de dados \u00a0que incluem, exemplificativamente, as opera\u00e7\u00f5es de coleta, produ\u00e7\u00e3o, recep\u00e7\u00e3o, \u00a0classifica\u00e7\u00e3o, utiliza\u00e7\u00e3o, acesso, reprodu\u00e7\u00e3o, transmiss\u00e3o, distribui\u00e7\u00e3o, \u00a0processamento, arquivamento, armazenamento, elimina\u00e7\u00e3o, avalia\u00e7\u00e3o ou controle \u00a0da informa\u00e7\u00e3o, modifica\u00e7\u00e3o, comunica\u00e7\u00e3o, transfer\u00eancia, difus\u00e3o ou extra\u00e7\u00e3o [&hellip;]<\/p>\n","protected":false},"author":5,"featured_media":0,"parent":0,"menu_order":0,"comment_status":"closed","ping_status":"closed","template":"","meta":{"site-sidebar-layout":"no-sidebar","site-content-layout":"page-builder","ast-site-content-layout":"default","site-content-style":"default","site-sidebar-style":"default","ast-global-header-display":"","ast-banner-title-visibility":"","ast-main-header-display":"","ast-hfb-above-header-display":"","ast-hfb-below-header-display":"","ast-hfb-mobile-header-display":"","site-post-title":"disabled","ast-breadcrumbs-content":"","ast-featured-img":"disabled","footer-sml-layout":"","theme-transparent-header-meta":"default","adv-header-id-meta":"","stick-header-meta":"default","header-above-stick-meta":"","header-main-stick-meta":"","header-below-stick-meta":"","astra-migrate-meta-layouts":"default","ast-page-background-enabled":"default","ast-page-background-meta":{"desktop":{"background-color":"","background-image":"","background-repeat":"repeat","background-position":"center center","background-size":"auto","background-attachment":"scroll","background-type":"","background-media":"","overlay-type":"","overlay-color":"","overlay-opacity":"","overlay-gradient":""},"tablet":{"background-color":"","background-image":"","background-repeat":"repeat","background-position":"center center","background-size":"auto","background-attachment":"scroll","background-type":"","background-media":"","overlay-type":"","overlay-color":"","overlay-opacity":"","overlay-gradient":""},"mobile":{"background-color":"","background-image":"","background-repeat":"repeat","background-position":"center center","background-size":"auto","background-attachment":"scroll","background-type":"","background-media":"","overlay-type":"","overlay-color":"","overlay-opacity":"","overlay-gradient":""}},"ast-content-background-meta":{"desktop":{"background-color":"var(--ast-global-color-5)","background-image":"","background-repeat":"repeat","background-position":"center center","background-size":"auto","background-attachment":"scroll","background-type":"","background-media":"","overlay-type":"","overlay-color":"","overlay-opacity":"","overlay-gradient":""},"tablet":{"background-color":"var(--ast-global-color-5)","background-image":"","background-repeat":"repeat","background-position":"center center","background-size":"auto","background-attachment":"scroll","background-type":"","background-media":"","overlay-type":"","overlay-color":"","overlay-opacity":"","overlay-gradient":""},"mobile":{"background-color":"var(--ast-global-color-5)","background-image":"","background-repeat":"repeat","background-position":"center center","background-size":"auto","background-attachment":"scroll","background-type":"","background-media":"","overlay-type":"","overlay-color":"","overlay-opacity":"","overlay-gradient":""}},"footnotes":""},"class_list":["post-294","page","type-page","status-publish","hentry"],"_links":{"self":[{"href":"https:\/\/connectlatam.com.br\/wordpress\/wp-json\/wp\/v2\/pages\/294","targetHints":{"allow":["GET"]}}],"collection":[{"href":"https:\/\/connectlatam.com.br\/wordpress\/wp-json\/wp\/v2\/pages"}],"about":[{"href":"https:\/\/connectlatam.com.br\/wordpress\/wp-json\/wp\/v2\/types\/page"}],"author":[{"embeddable":true,"href":"https:\/\/connectlatam.com.br\/wordpress\/wp-json\/wp\/v2\/users\/5"}],"replies":[{"embeddable":true,"href":"https:\/\/connectlatam.com.br\/wordpress\/wp-json\/wp\/v2\/comments?post=294"}],"version-history":[{"count":19,"href":"https:\/\/connectlatam.com.br\/wordpress\/wp-json\/wp\/v2\/pages\/294\/revisions"}],"predecessor-version":[{"id":6610,"href":"https:\/\/connectlatam.com.br\/wordpress\/wp-json\/wp\/v2\/pages\/294\/revisions\/6610"}],"wp:attachment":[{"href":"https:\/\/connectlatam.com.br\/wordpress\/wp-json\/wp\/v2\/media?parent=294"}],"curies":[{"name":"wp","href":"https:\/\/api.w.org\/{rel}","templated":true}]}}